{"id":999,"date":"2009-07-27T07:27:24","date_gmt":"2009-07-27T05:27:24","guid":{"rendered":"http:\/\/www.dalmatiner-sachsen-anhalt.de\/blog\/?page_id=999"},"modified":"2009-12-30T22:22:44","modified_gmt":"2009-12-30T21:22:44","slug":"stehbilder","status":"publish","type":"page","link":"https:\/\/www.dalmatiner-sachsen-anhalt.de\/blog\/impressum\/stehbilder\/","title":{"rendered":"Stehbilder"},"content":{"rendered":"<h3><strong>Hier ver&#246;ffentlichen wir die <span style=\"color: #993300;\">Stehbilder der Welpen<\/span>, aufgenommen am 26.07.2009. Da sind sie gerade 48 Tage alt.<\/strong><\/h3>\n<h3><span style=\"color: #0000ff;\"><strong>AARON &#8211; verkauft<br \/>\n<\/strong><\/span><\/h3>\n<ul>\n<li><span style=\"color: #0000ff;\"><strong>R&#252;de, w\/b<\/strong><\/span><\/li>\n<li><strong>beidseitig h&#246;rend<\/strong><\/li>\n<li><strong>Wurftag 08.06.2009<\/strong><\/li>\n<li><strong>Gewicht: 5500 g<\/strong><\/li>\n<\/ul>\n<p style=\"text-align: center;\"><a href=\"http:\/\/picasaweb.google.com\/axschoe\/AaronStehbilder#slideshow\/\"><img data-attachment-id=\"1007\" data-permalink=\"https:\/\/www.dalmatiner-sachsen-anhalt.de\/blog\/impressum\/stehbilder\/aaron-tag48_1881\/\" data-orig-file=\"https:\/\/i0.wp.com\/www.dalmatiner-sachsen-anhalt.de\/blog\/wp-content\/uploads\/2009\/07\/aaron-tag48_1881.JPG?fit=1150%2C768&amp;ssl=1\" data-orig-size=\"1150,768\" data-comments-opened=\"1\" data-image-meta=\"{&quot;aperture&quot;:&quot;0&quot;,&quot;credit&quot;:&quot;&quot;,&quot;camera&quot;:&quot;&quot;,&quot;caption&quot;:&quot;&quot;,&quot;created_timestamp&quot;:&quot;0&quot;,&quot;copyright&quot;:&quot;&quot;,&quot;focal_length&quot;:&quot;0&quot;,&quot;iso&quot;:&quot;0&quot;,&quot;shutter_speed&quot;:&quot;0&quot;,&quot;title&quot;:&quot;&quot;}\" data-image-title=\"aaron-tag48_1881\" data-image-description=\"\" data-image-caption=\"&lt;p&gt;Aaron&lt;\/p&gt;\n\" data-medium-file=\"https:\/\/i0.wp.com\/www.dalmatiner-sachsen-anhalt.de\/blog\/wp-content\/uploads\/2009\/07\/aaron-tag48_1881.JPG?fit=300%2C200&amp;ssl=1\" data-large-file=\"https:\/\/i0.wp.com\/www.dalmatiner-sachsen-anhalt.de\/blog\/wp-content\/uploads\/2009\/07\/aaron-tag48_1881.JPG?fit=584%2C390&amp;ssl=1\" decoding=\"async\" loading=\"lazy\" class=\"size-medium wp-image-1007 aligncenter\" title=\"aaron-tag48_1881\" src=\"https:\/\/i0.wp.com\/www.dalmatiner-sachsen-anhalt.de\/blog\/wp-content\/uploads\/2009\/07\/aaron-tag48_1881-300x200.jpg?resize=300%2C200&#038;ssl=1\" alt=\"Aaron\" width=\"300\" height=\"200\" srcset=\"https:\/\/i0.wp.com\/www.dalmatiner-sachsen-anhalt.de\/blog\/wp-content\/uploads\/2009\/07\/aaron-tag48_1881.JPG?resize=300%2C200&amp;ssl=1 300w, https:\/\/i0.wp.com\/www.dalmatiner-sachsen-anhalt.de\/blog\/wp-content\/uploads\/2009\/07\/aaron-tag48_1881.JPG?resize=1024%2C683&amp;ssl=1 1024w, https:\/\/i0.wp.com\/www.dalmatiner-sachsen-anhalt.de\/blog\/wp-content\/uploads\/2009\/07\/aaron-tag48_1881.JPG?w=1150&amp;ssl=1 1150w\" sizes=\"(max-width: 300px) 100vw, 300px\" data-recalc-dims=\"1\" \/><\/a><\/p>\n<h3><span style=\"color: #0000ff;\"><strong>AMIGO &#8211; verkauft<br \/>\n<\/strong><\/span><\/h3>\n<ul>\n<li><span style=\"color: #0000ff;\"><strong>R&#252;de, w\/s<\/strong><\/span><\/li>\n<li><strong>beidseitig h&#246;rend<\/strong><\/li>\n<li><strong>Wurftag 08.06.2009<\/strong><\/li>\n<li><strong>Gewicht: 5700 g<\/strong><\/li>\n<\/ul>\n<p style=\"text-align: center;\"><span style=\"color: #0000ff;\"><strong><a href=\"http:\/\/picasaweb.google.com\/axschoe\/AmigoStehbilder#slideshow\/\"><img data-attachment-id=\"1027\" data-permalink=\"https:\/\/www.dalmatiner-sachsen-anhalt.de\/blog\/impressum\/stehbilder\/amigo-tag48_1900\/\" data-orig-file=\"https:\/\/i0.wp.com\/www.dalmatiner-sachsen-anhalt.de\/blog\/wp-content\/uploads\/2009\/07\/amigo-tag48_1900.JPG?fit=1150%2C768&amp;ssl=1\" data-orig-size=\"1150,768\" data-comments-opened=\"1\" data-image-meta=\"{&quot;aperture&quot;:&quot;0&quot;,&quot;credit&quot;:&quot;&quot;,&quot;camera&quot;:&quot;&quot;,&quot;caption&quot;:&quot;&quot;,&quot;created_timestamp&quot;:&quot;0&quot;,&quot;copyright&quot;:&quot;&quot;,&quot;focal_length&quot;:&quot;0&quot;,&quot;iso&quot;:&quot;0&quot;,&quot;shutter_speed&quot;:&quot;0&quot;,&quot;title&quot;:&quot;&quot;}\" data-image-title=\"amigo-tag48_1900\" data-image-description=\"\" data-image-caption=\"\" data-medium-file=\"https:\/\/i0.wp.com\/www.dalmatiner-sachsen-anhalt.de\/blog\/wp-content\/uploads\/2009\/07\/amigo-tag48_1900.JPG?fit=300%2C200&amp;ssl=1\" data-large-file=\"https:\/\/i0.wp.com\/www.dalmatiner-sachsen-anhalt.de\/blog\/wp-content\/uploads\/2009\/07\/amigo-tag48_1900.JPG?fit=584%2C390&amp;ssl=1\" decoding=\"async\" loading=\"lazy\" class=\"size-medium wp-image-1027 aligncenter\" title=\"amigo-tag48_1900\" src=\"https:\/\/i0.wp.com\/www.dalmatiner-sachsen-anhalt.de\/blog\/wp-content\/uploads\/2009\/07\/amigo-tag48_1900-300x200.jpg?resize=300%2C200&#038;ssl=1\" alt=\"amigo-tag48_1900\" width=\"300\" height=\"200\" srcset=\"https:\/\/i0.wp.com\/www.dalmatiner-sachsen-anhalt.de\/blog\/wp-content\/uploads\/2009\/07\/amigo-tag48_1900.JPG?resize=300%2C200&amp;ssl=1 300w, https:\/\/i0.wp.com\/www.dalmatiner-sachsen-anhalt.de\/blog\/wp-content\/uploads\/2009\/07\/amigo-tag48_1900.JPG?resize=1024%2C683&amp;ssl=1 1024w, https:\/\/i0.wp.com\/www.dalmatiner-sachsen-anhalt.de\/blog\/wp-content\/uploads\/2009\/07\/amigo-tag48_1900.JPG?w=1150&amp;ssl=1 1150w\" sizes=\"(max-width: 300px) 100vw, 300px\" data-recalc-dims=\"1\" \/><\/a><br \/>\n<\/strong><\/span><\/p>\n<h3><span style=\"color: #0000ff;\"><strong>ARES <\/strong><strong>&#8211; verkauft<br \/>\n<\/strong><\/span><\/h3>\n<ul>\n<li><span style=\"color: #0000ff;\"><strong>R&#252;de, w\/b<\/strong><\/span><\/li>\n<li><strong>beidseitig h&#246;rend<\/strong><\/li>\n<li><strong>Wurftag 08.06.2009<\/strong><\/li>\n<li><strong>Gewicht: 6550 g<\/strong><\/li>\n<\/ul>\n<p style=\"text-align: center;\"><strong><a href=\"http:\/\/picasaweb.google.com\/axschoe\/AresStehbilder#slideshow\/\"><img data-attachment-id=\"1030\" data-permalink=\"https:\/\/www.dalmatiner-sachsen-anhalt.de\/blog\/impressum\/stehbilder\/ares-tag48_1935\/\" data-orig-file=\"https:\/\/i0.wp.com\/www.dalmatiner-sachsen-anhalt.de\/blog\/wp-content\/uploads\/2009\/07\/ares-tag48_1935.JPG?fit=1150%2C768&amp;ssl=1\" data-orig-size=\"1150,768\" data-comments-opened=\"1\" data-image-meta=\"{&quot;aperture&quot;:&quot;0&quot;,&quot;credit&quot;:&quot;&quot;,&quot;camera&quot;:&quot;&quot;,&quot;caption&quot;:&quot;&quot;,&quot;created_timestamp&quot;:&quot;0&quot;,&quot;copyright&quot;:&quot;&quot;,&quot;focal_length&quot;:&quot;0&quot;,&quot;iso&quot;:&quot;0&quot;,&quot;shutter_speed&quot;:&quot;0&quot;,&quot;title&quot;:&quot;&quot;}\" data-image-title=\"ares-tag48_1935\" data-image-description=\"\" data-image-caption=\"\" data-medium-file=\"https:\/\/i0.wp.com\/www.dalmatiner-sachsen-anhalt.de\/blog\/wp-content\/uploads\/2009\/07\/ares-tag48_1935.JPG?fit=300%2C200&amp;ssl=1\" data-large-file=\"https:\/\/i0.wp.com\/www.dalmatiner-sachsen-anhalt.de\/blog\/wp-content\/uploads\/2009\/07\/ares-tag48_1935.JPG?fit=584%2C390&amp;ssl=1\" decoding=\"async\" loading=\"lazy\" class=\"size-medium wp-image-1030 aligncenter\" title=\"ares-tag48_1935\" src=\"https:\/\/i0.wp.com\/www.dalmatiner-sachsen-anhalt.de\/blog\/wp-content\/uploads\/2009\/07\/ares-tag48_1935-300x200.jpg?resize=300%2C200&#038;ssl=1\" alt=\"ares-tag48_1935\" width=\"300\" height=\"200\" srcset=\"https:\/\/i0.wp.com\/www.dalmatiner-sachsen-anhalt.de\/blog\/wp-content\/uploads\/2009\/07\/ares-tag48_1935.JPG?resize=300%2C200&amp;ssl=1 300w, https:\/\/i0.wp.com\/www.dalmatiner-sachsen-anhalt.de\/blog\/wp-content\/uploads\/2009\/07\/ares-tag48_1935.JPG?resize=1024%2C683&amp;ssl=1 1024w, https:\/\/i0.wp.com\/www.dalmatiner-sachsen-anhalt.de\/blog\/wp-content\/uploads\/2009\/07\/ares-tag48_1935.JPG?w=1150&amp;ssl=1 1150w\" sizes=\"(max-width: 300px) 100vw, 300px\" data-recalc-dims=\"1\" \/><\/a><br \/>\n<\/strong><\/p>\n<h3><strong><span style=\"color: #0000ff;\">ASLAN &#8211; verkauft<\/span><\/strong><span style=\"color: #0000ff;\"><strong> <\/strong><\/span><\/h3>\n<ul>\n<li><span style=\"color: #0000ff;\"><strong>R&#252;de, w\/b<\/strong><\/span><\/li>\n<li><strong>beidseitig h&#246;rend<\/strong><\/li>\n<li><strong>Wurftag 08.06.2009<\/strong><\/li>\n<li><strong>Gewicht: 5550 g<\/strong><\/li>\n<\/ul>\n<p style=\"text-align: center;\"><a href=\"http:\/\/picasaweb.google.com\/axschoe\/AslanStehbilder#slideshow\/\"><img data-attachment-id=\"1032\" data-permalink=\"https:\/\/www.dalmatiner-sachsen-anhalt.de\/blog\/impressum\/stehbilder\/aslan-tag48_1943\/\" data-orig-file=\"https:\/\/i0.wp.com\/www.dalmatiner-sachsen-anhalt.de\/blog\/wp-content\/uploads\/2009\/07\/aslan-tag48_1943.JPG?fit=1150%2C768&amp;ssl=1\" data-orig-size=\"1150,768\" data-comments-opened=\"1\" data-image-meta=\"{&quot;aperture&quot;:&quot;0&quot;,&quot;credit&quot;:&quot;&quot;,&quot;camera&quot;:&quot;&quot;,&quot;caption&quot;:&quot;&quot;,&quot;created_timestamp&quot;:&quot;0&quot;,&quot;copyright&quot;:&quot;&quot;,&quot;focal_length&quot;:&quot;0&quot;,&quot;iso&quot;:&quot;0&quot;,&quot;shutter_speed&quot;:&quot;0&quot;,&quot;title&quot;:&quot;&quot;}\" data-image-title=\"aslan-tag48_1943\" data-image-description=\"\" data-image-caption=\"\" data-medium-file=\"https:\/\/i0.wp.com\/www.dalmatiner-sachsen-anhalt.de\/blog\/wp-content\/uploads\/2009\/07\/aslan-tag48_1943.JPG?fit=300%2C200&amp;ssl=1\" data-large-file=\"https:\/\/i0.wp.com\/www.dalmatiner-sachsen-anhalt.de\/blog\/wp-content\/uploads\/2009\/07\/aslan-tag48_1943.JPG?fit=584%2C390&amp;ssl=1\" decoding=\"async\" loading=\"lazy\" class=\"alignnone size-medium wp-image-1032\" title=\"aslan-tag48_1943\" src=\"https:\/\/i0.wp.com\/www.dalmatiner-sachsen-anhalt.de\/blog\/wp-content\/uploads\/2009\/07\/aslan-tag48_1943-300x200.jpg?resize=300%2C200&#038;ssl=1\" alt=\"aslan-tag48_1943\" width=\"300\" height=\"200\" srcset=\"https:\/\/i0.wp.com\/www.dalmatiner-sachsen-anhalt.de\/blog\/wp-content\/uploads\/2009\/07\/aslan-tag48_1943.JPG?resize=300%2C200&amp;ssl=1 300w, https:\/\/i0.wp.com\/www.dalmatiner-sachsen-anhalt.de\/blog\/wp-content\/uploads\/2009\/07\/aslan-tag48_1943.JPG?resize=1024%2C683&amp;ssl=1 1024w, https:\/\/i0.wp.com\/www.dalmatiner-sachsen-anhalt.de\/blog\/wp-content\/uploads\/2009\/07\/aslan-tag48_1943.JPG?w=1150&amp;ssl=1 1150w\" sizes=\"(max-width: 300px) 100vw, 300px\" data-recalc-dims=\"1\" \/><\/a><\/p>\n<h3><span style=\"color: #0000ff;\"><strong>ATTILA<\/strong><strong> &#8211; <\/strong><strong>verkauft<\/strong><\/span><span style=\"color: #0000ff;\"> <\/span><\/h3>\n<ul>\n<li><span style=\"color: #0000ff;\"><strong>R&#252;de, w\/s<\/strong><\/span><\/li>\n<li><strong>beidseitig h&#246;rend<\/strong><\/li>\n<li><strong>Wurftag 08.06.2009<\/strong><\/li>\n<li><strong>Gewicht: 5600 g<\/strong><\/li>\n<\/ul>\n<p style=\"text-align: center;\"><a href=\"http:\/\/picasaweb.google.com\/axschoe\/AttilaStehbilder#slideshow\/\"><img data-attachment-id=\"1034\" data-permalink=\"https:\/\/www.dalmatiner-sachsen-anhalt.de\/blog\/impressum\/stehbilder\/attila-tag48_1979\/\" data-orig-file=\"https:\/\/i0.wp.com\/www.dalmatiner-sachsen-anhalt.de\/blog\/wp-content\/uploads\/2009\/07\/attila-tag48_1979.JPG?fit=1150%2C768&amp;ssl=1\" data-orig-size=\"1150,768\" data-comments-opened=\"1\" data-image-meta=\"{&quot;aperture&quot;:&quot;0&quot;,&quot;credit&quot;:&quot;&quot;,&quot;camera&quot;:&quot;&quot;,&quot;caption&quot;:&quot;&quot;,&quot;created_timestamp&quot;:&quot;0&quot;,&quot;copyright&quot;:&quot;&quot;,&quot;focal_length&quot;:&quot;0&quot;,&quot;iso&quot;:&quot;0&quot;,&quot;shutter_speed&quot;:&quot;0&quot;,&quot;title&quot;:&quot;&quot;}\" data-image-title=\"attila-tag48_1979\" data-image-description=\"\" data-image-caption=\"\" data-medium-file=\"https:\/\/i0.wp.com\/www.dalmatiner-sachsen-anhalt.de\/blog\/wp-content\/uploads\/2009\/07\/attila-tag48_1979.JPG?fit=300%2C200&amp;ssl=1\" data-large-file=\"https:\/\/i0.wp.com\/www.dalmatiner-sachsen-anhalt.de\/blog\/wp-content\/uploads\/2009\/07\/attila-tag48_1979.JPG?fit=584%2C390&amp;ssl=1\" decoding=\"async\" loading=\"lazy\" class=\"alignnone size-medium wp-image-1034\" title=\"attila-tag48_1979\" src=\"https:\/\/i0.wp.com\/www.dalmatiner-sachsen-anhalt.de\/blog\/wp-content\/uploads\/2009\/07\/attila-tag48_1979-300x200.jpg?resize=300%2C200&#038;ssl=1\" alt=\"attila-tag48_1979\" width=\"300\" height=\"200\" srcset=\"https:\/\/i0.wp.com\/www.dalmatiner-sachsen-anhalt.de\/blog\/wp-content\/uploads\/2009\/07\/attila-tag48_1979.JPG?resize=300%2C200&amp;ssl=1 300w, https:\/\/i0.wp.com\/www.dalmatiner-sachsen-anhalt.de\/blog\/wp-content\/uploads\/2009\/07\/attila-tag48_1979.JPG?resize=1024%2C683&amp;ssl=1 1024w, https:\/\/i0.wp.com\/www.dalmatiner-sachsen-anhalt.de\/blog\/wp-content\/uploads\/2009\/07\/attila-tag48_1979.JPG?w=1150&amp;ssl=1 1150w\" sizes=\"(max-width: 300px) 100vw, 300px\" data-recalc-dims=\"1\" \/><\/a><\/p>\n<h3><strong><span style=\"color: #ff0000;\">AMELIE &#8211; verkauft<\/span><\/strong><span style=\"color: #0000ff;\"> <\/span><\/h3>\n<ul>\n<li><span style=\"color: #ff0000;\"><strong>H&#252;ndin, w\/s<\/strong><\/span><\/li>\n<li><strong>beidseitig h&#246;rend<\/strong><\/li>\n<li><strong>Wurftag 08.06.2009<\/strong><\/li>\n<li><strong>Gewicht: 5200 g<\/strong><\/li>\n<\/ul>\n<p style=\"text-align: center;\"><strong><span style=\"color: #ff0000;\"><a href=\"http:\/\/picasaweb.google.com\/axschoe\/AmelieStehbilder#slideshow\/\"><img data-attachment-id=\"1037\" data-permalink=\"https:\/\/www.dalmatiner-sachsen-anhalt.de\/blog\/impressum\/stehbilder\/amelie-tag48_2001\/\" data-orig-file=\"https:\/\/i0.wp.com\/www.dalmatiner-sachsen-anhalt.de\/blog\/wp-content\/uploads\/2009\/07\/amelie-tag48_2001.JPG?fit=1150%2C768&amp;ssl=1\" data-orig-size=\"1150,768\" data-comments-opened=\"1\" data-image-meta=\"{&quot;aperture&quot;:&quot;0&quot;,&quot;credit&quot;:&quot;&quot;,&quot;camera&quot;:&quot;&quot;,&quot;caption&quot;:&quot;&quot;,&quot;created_timestamp&quot;:&quot;0&quot;,&quot;copyright&quot;:&quot;&quot;,&quot;focal_length&quot;:&quot;0&quot;,&quot;iso&quot;:&quot;0&quot;,&quot;shutter_speed&quot;:&quot;0&quot;,&quot;title&quot;:&quot;&quot;}\" data-image-title=\"amelie-tag48_2001\" data-image-description=\"\" data-image-caption=\"\" data-medium-file=\"https:\/\/i0.wp.com\/www.dalmatiner-sachsen-anhalt.de\/blog\/wp-content\/uploads\/2009\/07\/amelie-tag48_2001.JPG?fit=300%2C200&amp;ssl=1\" data-large-file=\"https:\/\/i0.wp.com\/www.dalmatiner-sachsen-anhalt.de\/blog\/wp-content\/uploads\/2009\/07\/amelie-tag48_2001.JPG?fit=584%2C390&amp;ssl=1\" decoding=\"async\" loading=\"lazy\" class=\"alignnone size-medium wp-image-1037\" title=\"amelie-tag48_2001\" src=\"https:\/\/i0.wp.com\/www.dalmatiner-sachsen-anhalt.de\/blog\/wp-content\/uploads\/2009\/07\/amelie-tag48_2001-300x200.jpg?resize=300%2C200&#038;ssl=1\" alt=\"amelie-tag48_2001\" width=\"300\" height=\"200\" srcset=\"https:\/\/i0.wp.com\/www.dalmatiner-sachsen-anhalt.de\/blog\/wp-content\/uploads\/2009\/07\/amelie-tag48_2001.JPG?resize=300%2C200&amp;ssl=1 300w, https:\/\/i0.wp.com\/www.dalmatiner-sachsen-anhalt.de\/blog\/wp-content\/uploads\/2009\/07\/amelie-tag48_2001.JPG?resize=1024%2C683&amp;ssl=1 1024w, https:\/\/i0.wp.com\/www.dalmatiner-sachsen-anhalt.de\/blog\/wp-content\/uploads\/2009\/07\/amelie-tag48_2001.JPG?w=1150&amp;ssl=1 1150w\" sizes=\"(max-width: 300px) 100vw, 300px\" data-recalc-dims=\"1\" \/><\/a><br \/>\n<\/span><\/strong><\/p>\n<h3><span style=\"color: #ff0000;\"><strong>ANTONIA<span style=\"color: #ff0000;\"> <\/span><\/strong><\/span><span style=\"color: #ff0000;\"><strong>&#8211; verkauft<\/strong><\/span><\/h3>\n<ul>\n<li><span style=\"color: #ff0000;\"><strong>H&#252;ndin, w\/s<\/strong><\/span><\/li>\n<li><strong>beidseitig h&#246;rend<\/strong><\/li>\n<li><strong>Wurftag 08.06.2009<\/strong><\/li>\n<li><strong>Gewicht: 5750 g<\/strong><\/li>\n<\/ul>\n<p style=\"text-align: center;\"><a href=\"http:\/\/picasaweb.google.com\/axschoe\/AntoniaStehbilder#slideshow\/\"><img data-attachment-id=\"1039\" data-permalink=\"https:\/\/www.dalmatiner-sachsen-anhalt.de\/blog\/impressum\/stehbilder\/antonia-tag48_2014\/\" data-orig-file=\"https:\/\/i0.wp.com\/www.dalmatiner-sachsen-anhalt.de\/blog\/wp-content\/uploads\/2009\/07\/antonia-tag48_2014.JPG?fit=1150%2C768&amp;ssl=1\" data-orig-size=\"1150,768\" data-comments-opened=\"1\" data-image-meta=\"{&quot;aperture&quot;:&quot;0&quot;,&quot;credit&quot;:&quot;&quot;,&quot;camera&quot;:&quot;&quot;,&quot;caption&quot;:&quot;&quot;,&quot;created_timestamp&quot;:&quot;0&quot;,&quot;copyright&quot;:&quot;&quot;,&quot;focal_length&quot;:&quot;0&quot;,&quot;iso&quot;:&quot;0&quot;,&quot;shutter_speed&quot;:&quot;0&quot;,&quot;title&quot;:&quot;&quot;}\" data-image-title=\"antonia-tag48_2014\" data-image-description=\"\" data-image-caption=\"\" data-medium-file=\"https:\/\/i0.wp.com\/www.dalmatiner-sachsen-anhalt.de\/blog\/wp-content\/uploads\/2009\/07\/antonia-tag48_2014.JPG?fit=300%2C200&amp;ssl=1\" data-large-file=\"https:\/\/i0.wp.com\/www.dalmatiner-sachsen-anhalt.de\/blog\/wp-content\/uploads\/2009\/07\/antonia-tag48_2014.JPG?fit=584%2C390&amp;ssl=1\" decoding=\"async\" loading=\"lazy\" class=\"alignnone size-medium wp-image-1039\" title=\"antonia-tag48_2014\" src=\"https:\/\/i0.wp.com\/www.dalmatiner-sachsen-anhalt.de\/blog\/wp-content\/uploads\/2009\/07\/antonia-tag48_2014-300x200.jpg?resize=300%2C200&#038;ssl=1\" alt=\"antonia-tag48_2014\" width=\"300\" height=\"200\" srcset=\"https:\/\/i0.wp.com\/www.dalmatiner-sachsen-anhalt.de\/blog\/wp-content\/uploads\/2009\/07\/antonia-tag48_2014.JPG?resize=300%2C200&amp;ssl=1 300w, https:\/\/i0.wp.com\/www.dalmatiner-sachsen-anhalt.de\/blog\/wp-content\/uploads\/2009\/07\/antonia-tag48_2014.JPG?resize=1024%2C683&amp;ssl=1 1024w, https:\/\/i0.wp.com\/www.dalmatiner-sachsen-anhalt.de\/blog\/wp-content\/uploads\/2009\/07\/antonia-tag48_2014.JPG?w=1150&amp;ssl=1 1150w\" sizes=\"(max-width: 300px) 100vw, 300px\" data-recalc-dims=\"1\" \/><\/a><\/p>\n<h3><strong><span style=\"color: #ff0000;\">ATHENE &#8211; bleibt bei uns<\/span><\/strong><span style=\"color: #0000ff;\"> <\/span><\/h3>\n<ul>\n<li><span style=\"color: #ff0000;\"><strong>H&#252;ndin, w\/s<\/strong><\/span><\/li>\n<li><strong>beidseitig h&#246;rend<\/strong><\/li>\n<li><strong>Wurftag 08.06.2009<\/strong><\/li>\n<li><strong>Gewicht: 5500 g<\/strong><\/li>\n<\/ul>\n<p style=\"text-align: center;\"><a href=\"http:\/\/picasaweb.google.com\/axschoe\/AtheneStehbilder#slideshow\/\"><img data-attachment-id=\"1040\" data-permalink=\"https:\/\/www.dalmatiner-sachsen-anhalt.de\/blog\/impressum\/stehbilder\/athene-tag48_2045\/\" data-orig-file=\"https:\/\/i0.wp.com\/www.dalmatiner-sachsen-anhalt.de\/blog\/wp-content\/uploads\/2009\/07\/athene-tag48_2045.JPG?fit=1150%2C768&amp;ssl=1\" data-orig-size=\"1150,768\" data-comments-opened=\"1\" data-image-meta=\"{&quot;aperture&quot;:&quot;0&quot;,&quot;credit&quot;:&quot;&quot;,&quot;camera&quot;:&quot;&quot;,&quot;caption&quot;:&quot;&quot;,&quot;created_timestamp&quot;:&quot;0&quot;,&quot;copyright&quot;:&quot;&quot;,&quot;focal_length&quot;:&quot;0&quot;,&quot;iso&quot;:&quot;0&quot;,&quot;shutter_speed&quot;:&quot;0&quot;,&quot;title&quot;:&quot;&quot;}\" data-image-title=\"athene-tag48_2045\" data-image-description=\"\" data-image-caption=\"\" data-medium-file=\"https:\/\/i0.wp.com\/www.dalmatiner-sachsen-anhalt.de\/blog\/wp-content\/uploads\/2009\/07\/athene-tag48_2045.JPG?fit=300%2C200&amp;ssl=1\" data-large-file=\"https:\/\/i0.wp.com\/www.dalmatiner-sachsen-anhalt.de\/blog\/wp-content\/uploads\/2009\/07\/athene-tag48_2045.JPG?fit=584%2C390&amp;ssl=1\" decoding=\"async\" loading=\"lazy\" class=\"alignnone size-medium wp-image-1040\" title=\"athene-tag48_2045\" src=\"https:\/\/i0.wp.com\/www.dalmatiner-sachsen-anhalt.de\/blog\/wp-content\/uploads\/2009\/07\/athene-tag48_2045-300x200.jpg?resize=300%2C200&#038;ssl=1\" alt=\"athene-tag48_2045\" width=\"300\" height=\"200\" srcset=\"https:\/\/i0.wp.com\/www.dalmatiner-sachsen-anhalt.de\/blog\/wp-content\/uploads\/2009\/07\/athene-tag48_2045.JPG?resize=300%2C200&amp;ssl=1 300w, https:\/\/i0.wp.com\/www.dalmatiner-sachsen-anhalt.de\/blog\/wp-content\/uploads\/2009\/07\/athene-tag48_2045.JPG?resize=1024%2C683&amp;ssl=1 1024w, https:\/\/i0.wp.com\/www.dalmatiner-sachsen-anhalt.de\/blog\/wp-content\/uploads\/2009\/07\/athene-tag48_2045.JPG?w=1150&amp;ssl=1 1150w\" sizes=\"(max-width: 300px) 100vw, 300px\" data-recalc-dims=\"1\" \/><\/a><\/p>\n","protected":false},"excerpt":{"rendered":"<p>Hier ver&#246;ffentlichen wir die Stehbilder der Welpen, aufgenommen am 26.07.2009. Da sind sie gerade 48 Tage alt. AARON &#8211; verkauft R&#252;de, w\/b beidseitig h&#246;rend Wurftag 08.06.2009 Gewicht: 5500 g AMIGO &#8211; verkauft R&#252;de, w\/s beidseitig h&#246;rend Wurftag 08.06.2009 Gewicht: 5700 &hellip; <a href=\"https:\/\/www.dalmatiner-sachsen-anhalt.de\/blog\/impressum\/stehbilder\/\">Continue reading <span class=\"meta-nav\">&rarr;<\/span><\/a><\/p>\n","protected":false},"author":1,"featured_media":0,"parent":65,"menu_order":2,"comment_status":"open","ping_status":"open","template":"","meta":{"jetpack_post_was_ever_published":false},"jetpack_shortlink":"https:\/\/wp.me\/Px1eF-g7","jetpack_sharing_enabled":true,"jetpack_likes_enabled":true,"jetpack-related-posts":[{"id":8,"url":"https:\/\/www.dalmatiner-sachsen-anhalt.de\/blog\/uber-uns\/","url_meta":{"origin":999,"position":0},"title":"&#220;ber uns","date":"27. Februar 2009","format":false,"excerpt":"Herzlich Willkommen! Sind Sie auf\u00a0 Dalmatiner-Suche ? Kennen Sie den Film \u201e 101 Dalmatiner \u201c? Wir besitzen seit 1995 diese sch\u00f6nen und au\u00dfergew\u00f6hnlichen Hunde . Schon immer war der Dalmatiner mit seinem freundlichen Wesen und seiner eleganten Erscheinung unser Lieblingshund . Nachdem unsere Kinder nun schon \u00e4lter sind, haben wir\u2026","rel":"","context":"In &quot;Allgemein&quot;","img":{"alt_text":"","src":"https:\/\/i0.wp.com\/www.dalmatiner-sachsen-anhalt.de\/blog\/wp-content\/uploads\/2009\/02\/IMG_0352-1024x683.jpg?resize=350%2C200","width":350,"height":200},"classes":[]}],"_links":{"self":[{"href":"https:\/\/www.dalmatiner-sachsen-anhalt.de\/blog\/wp-json\/wp\/v2\/pages\/999"}],"collection":[{"href":"https:\/\/www.dalmatiner-sachsen-anhalt.de\/blog\/wp-json\/wp\/v2\/pages"}],"about":[{"href":"https:\/\/www.dalmatiner-sachsen-anhalt.de\/blog\/wp-json\/wp\/v2\/types\/page"}],"author":[{"embeddable":true,"href":"https:\/\/www.dalmatiner-sachsen-anhalt.de\/blog\/wp-json\/wp\/v2\/users\/1"}],"replies":[{"embeddable":true,"href":"https:\/\/www.dalmatiner-sachsen-anhalt.de\/blog\/wp-json\/wp\/v2\/comments?post=999"}],"version-history":[{"count":47,"href":"https:\/\/www.dalmatiner-sachsen-anhalt.de\/blog\/wp-json\/wp\/v2\/pages\/999\/revisions"}],"predecessor-version":[{"id":1019,"href":"https:\/\/www.dalmatiner-sachsen-anhalt.de\/blog\/wp-json\/wp\/v2\/pages\/999\/revisions\/1019"}],"up":[{"embeddable":true,"href":"https:\/\/www.dalmatiner-sachsen-anhalt.de\/blog\/wp-json\/wp\/v2\/pages\/65"}],"wp:attachment":[{"href":"https:\/\/www.dalmatiner-sachsen-anhalt.de\/blog\/wp-json\/wp\/v2\/media?parent=999"}],"curies":[{"name":"wp","href":"https:\/\/api.w.org\/{rel}","templated":true}]}}